{"id":369,"date":"2021-11-14T21:33:57","date_gmt":"2021-11-14T20:33:57","guid":{"rendered":"http:\/\/www.groupe-t.org\/?page_id=369"},"modified":"2024-10-22T11:06:26","modified_gmt":"2024-10-22T09:06:26","slug":"le-groupe-t","status":"publish","type":"page","link":"http:\/\/www.groupe-t.org\/index.php\/le-groupe-t\/","title":{"rendered":"Le groupe"},"content":{"rendered":"\n<p class=\"has-small-font-size\"><strong>Le Groupe T est une compagnie de th\u00e9\u00e2tre cr\u00e9\u00e9e en 2016. Elle est le fruit de la rencontre entre la metteuse en sc\u00e8ne Juliane Lachaut, l\u2019auteur dramatique Th\u00e9o Cazau, tous deux dipl\u00f4m\u00e9\u00b7es du parcours Dramaturgies de l\u2019ENS de Lyon, et le sc\u00e9nographe Antonin Fassio, artiste plasticien dipl\u00f4m\u00e9 de l\u2019ECAL (Lausanne). Une douzaine de collaborateur\u00b7ices fid\u00e8les (acteur\u00b7ices, cr\u00e9atrice lumi\u00e8re, compositeur, administratrice) viennent compl\u00e9ter l\u2019\u00e9quipe.<\/strong><\/p>\n\n\n\n<p class=\"has-small-font-size\"><strong>Dans chacun de ses spectacles, le Groupe T met en sc\u00e8ne des communaut\u00e9s ambigu\u00ebs. Communaut\u00e9 de jeunes et de vieux dans <em>Together!<\/em>, communaut\u00e9 d\u2019enfants r\u00e9volutionnaires dans <em>Les Toits Bossus<\/em>, communaut\u00e9 de moines militants dans <em>Les Gar\u00e7ons qui croient sont tr\u00e8s seuls, les autres Gar\u00e7ons sont perdus<\/em> ; communaut\u00e9s qui sont autant d\u2019occasions de d\u00e9ployer des univers autonomes, denses et fourmillants, qui viennent \u00e0 chaque fois mettre en travail la question de l\u2019utopie et celle du th\u00e9\u00e2tre. Dans leurs spectacles, la sc\u00e9nographie, le texte et le jeu s\u2019\u00e9laborent en allers-retours, ricochets, et strates de recherches successives et ludiques. La particularit\u00e9 de leur travail est d\u2019accorder \u00e0 leurs trois disciplines une place d\u2019une \u00e9gale importance dans la cr\u00e9ation. Cette conception de la fabrique th\u00e9\u00e2trale les am\u00e8ne \u00e0 accorder autant d\u2019attention \u00e0 leurs processus de cr\u00e9ation qu\u2019aux spectacles qui en r\u00e9sultent. Le Groupe T cr\u00e9e ainsi sur des temps longs durant lesquels des d\u00e9tours prennent la forme d\u2019ateliers, de stages ou de marches, et leur permettent de travailler au croisement des pratiques amateure et professionnelle.<\/strong><\/p>\n\n\n\n<p class=\"has-small-font-size\"><strong>Leur quatri\u00e8me pi\u00e8ce, <em>Les Axiomatiques<\/em>, est un r\u00e9pertoire de \u00ab huit courtes pi\u00e8ces all\u00e9goriques et didactiques qui essayent d\u2019\u00eatre \u00e0 la hauteur de l\u2019urgence climatique \u00bb ; cette cr\u00e9ation s\u2019appuie sur la m\u00eame \u00e9quipe artistique que celle de leur pr\u00e9c\u00e9dente cr\u00e9ation et a d\u00e9but\u00e9 lors de deux chantiers estivaux en 2023 et 2024 dans le Morvan et le Vexin fran\u00e7ais.<\/strong><\/p>\n\n\n\n<p class=\"has-small-font-size\"><strong>Le Groupe T a \u00e9t\u00e9 principalement soutenu et coproduit pour ses trois premi\u00e8res pi\u00e8ces par le Th\u00e9\u00e2tre de la Commune \u2013 Centre Dramatique National d\u2019Aubervilliers et le Collectif 12 \u00e0 Mantes-la- Jolie. Depuis septembre 2024, il est artiste associ\u00e9 au Studio-Th\u00e9\u00e2tre de Vitry-sur-Seine et occupe le Studio du Th\u00e9\u00e2tre de l\u2019\u00c9changeur o\u00f9 il m\u00e8ne un atelier hebdomadaire de pratique amateure et un travail de recherche sur ses prochaines cr\u00e9ations.<\/strong><\/p>\n\n\n\n<p class=\"has-small-font-size\"><strong>\u00c9galement coutumier de l\u2019\u00e9ducation artistique et culturelle, le Groupe T travaille notamment aupr\u00e8s du Conservatoire National Sup\u00e9rieur d\u2019Art Dramatique, du Conservatoire \u00e0 Rayonnement R\u00e9gional de Paris ainsi que de plusieurs lyc\u00e9es \u00e0 Aubervilliers, Mantes-la-Jolie, Bagnolet et Vitry-sur- Seine.<\/strong><\/p>\n\n\n\n<p><\/p>\n\n\n\n<p><\/p>\n\n\n\n<p><\/p>\n\n\n\n<pre class=\"wp-block-preformatted has-black-color has-text-color has-small-font-size\"><strong><code><span style=\"color:#ff0000\" class=\"has-inline-color\">Th\u00e9o Cazau, auteur et dramaturge.<\/span><\/code><\/strong> Apr\u00e8s un Master en Dramaturgies \u00e0 l\u2019\u00c9cole Normale Sup\u00e9rieure de Lyon durant lequel il a men\u00e9 des recherches sur l\u2019\u00e9criture des s\u00e9ries t\u00e9l\u00e9vis\u00e9es, Th\u00e9o Cazau se consacre \u00e0 l\u2019\u00e9criture dramatique et cr\u00e9e en 2016 avec Juliane Lachaut et Antonin Fassio une compagnie de th\u00e9\u00e2tre : le Groupe T, pour&nbsp;laquelle il a \u00e9crit trois pi\u00e8ces dont&nbsp;<em>Together!<\/em>&nbsp;et&nbsp;<em>Les Toits Bossus<\/em>. \u00c0 c\u00f4t\u00e9 de son travail d\u2019auteur, il donne depuis septembre 2024 des cours de dramaturgie et d\u2019\u00e9criture au CNSAD et au CRR de Paris, participe \u00e0 la r\u00e9daction des Cahiers du Studio-Th\u00e9\u00e2tre de Vitry-sur-Seine et travaille en tant que conseiller dramaturgique pour la Compagnie Sans la Nommer de Fanny Gayard.<\/pre>\n\n\n\n<pre class=\"wp-block-preformatted has-small-font-size\"><strong><span style=\"color:#ff0000\" class=\"has-inline-color\">Antonin Fassio, sc\u00e9nographe.<\/span><\/strong> Apr\u00e8s un dipl\u00f4me de plasticien obtenu \u00e0 l\u2019ECAL, il travaille pendant plusieurs ann\u00e9es en tant qu\u2019assistant de l\u2019artiste contemporain Isabelle Cornaro. De 2017 \u00e0 2019 il travaille au sein de <s>la Colonie<\/s> fond\u00e9 par Kader Attia. En 2016, il cofonde le Groupe T, avec la metteuse en sc\u00e8ne Juliane Lachaut et l\u2019auteur Th\u00e9o Cazau. Ensemble ils cr\u00e9ent trois pi\u00e8ces de th\u00e9\u00e2tre&nbsp;qui se joueront notamment au Th\u00e9\u00e2tre de la Commune \u00e0 Aubervilliers, au Collectif 12 \u00e0 Mantes la Jolie et au Nouveau Gare au th\u00e9\u00e2tre \u00e0 Vitry-sur-Seine. Depuis 2022 il travaille \u00e9galement en tant que costumier et sc\u00e9nographe pour le metteur en sc\u00e8ne Ferdinand Flame (<em>Don Carlos<\/em>, cr\u00e9\u00e9 au Th\u00e9\u00e2tre de la Commune en mars 2024)&nbsp;; il collabore \u00e9galement avec la metteuse en sc\u00e8ne C\u00e9line Champinot pour les costumes de sa prochaine pi\u00e8ce intitul\u00e9e <em>Le Mauvais sort<\/em> (cr\u00e9ation pr\u00e9vue fin 2025). <\/pre>\n\n\n\n<pre class=\"wp-block-preformatted has-small-font-size\"><strong><span style=\"color:#ff0000\" class=\"has-inline-color\">Juliane Lachaut, mett<\/span><\/strong><span style=\"color:#ff0000\" class=\"has-inline-color\"><strong>euse en sc\u00e8ne<\/strong>.<\/span> Juliane Lachaut s\u2019int\u00e9resse \u00e0 la mise en sc\u00e8ne d\u00e8s ses premi\u00e8res ann\u00e9es d\u2019\u00e9tude \u00e0 l\u2019\u00c9cole Normale Sup\u00e9rieure de Lyon, et apr\u00e8s un premier spectacle, d\u00e9cide de cr\u00e9er sa propre compagnie de th\u00e9\u00e2tre avec Th\u00e9o Cazau et Antonin Fassio&nbsp;: le Groupe T. C\u2019est avec cette \u00e9quipe artistique qu\u2019elle met en sc\u00e8ne trois spectacles, <em>Together!<\/em>, <em>Les Toits Bossus<\/em> et <em>Les Gar\u00e7ons qui croient sont tr\u00e8s seuls, les autres Gar\u00e7ons sont perdus<\/em> et pr\u00e9pare le quatri\u00e8me. En parall\u00e8le \u00e0 cela, elle accepte une commande du Lync\u00e9us Festival en 2023 pour monter le texte de Hakim Bah, La Gronde, donne des cours de jeu au CNSAD et au CRR du 93 et continue un travail de th\u00e8se avec les universit\u00e9s de Besan\u00e7on et de Paris-Nanterre sur la m\u00e9thode d\u2019acteur d\u00e9velopp\u00e9e par Krystian Lupa. <\/pre>\n","protected":false},"excerpt":{"rendered":"<p>Le Groupe T est une compagnie de th\u00e9\u00e2tre cr\u00e9\u00e9e en 2016. Elle est le fruit de la rencontre entre la metteuse en sc\u00e8ne Juliane Lachaut, l\u2019auteur dramatique Th\u00e9o Cazau, tous deux dipl\u00f4m\u00e9\u00b7es du parcours Dramaturgies de l\u2019ENS de Lyon, et le sc\u00e9nographe Antonin Fassio, artiste plasticien dipl\u00f4m\u00e9 de l\u2019ECAL (Lausanne). Une douzaine de collaborateur\u00b7ices fid\u00e8les &hellip; <a href=\"http:\/\/www.groupe-t.org\/index.php\/le-groupe-t\/\" class=\"more-link\">Continuer la lecture de <span class=\"screen-reader-text\">Le groupe<\/span><\/a><\/p>\n","protected":false},"author":1,"featured_media":0,"parent":0,"menu_order":0,"comment_status":"closed","ping_status":"closed","template":"","meta":[],"_links":{"self":[{"href":"http:\/\/www.groupe-t.org\/index.php\/wp-json\/wp\/v2\/pages\/369"}],"collection":[{"href":"http:\/\/www.groupe-t.org\/index.php\/wp-json\/wp\/v2\/pages"}],"about":[{"href":"http:\/\/www.groupe-t.org\/index.php\/wp-json\/wp\/v2\/types\/page"}],"author":[{"embeddable":true,"href":"http:\/\/www.groupe-t.org\/index.php\/wp-json\/wp\/v2\/users\/1"}],"replies":[{"embeddable":true,"href":"http:\/\/www.groupe-t.org\/index.php\/wp-json\/wp\/v2\/comments?post=369"}],"version-history":[{"count":22,"href":"http:\/\/www.groupe-t.org\/index.php\/wp-json\/wp\/v2\/pages\/369\/revisions"}],"predecessor-version":[{"id":809,"href":"http:\/\/www.groupe-t.org\/index.php\/wp-json\/wp\/v2\/pages\/369\/revisions\/809"}],"wp:attachment":[{"href":"http:\/\/www.groupe-t.org\/index.php\/wp-json\/wp\/v2\/media?parent=369"}],"curies":[{"name":"wp","href":"https:\/\/api.w.org\/{rel}","templated":true}]}}