{"id":424,"date":"2021-11-26T14:36:53","date_gmt":"2021-11-26T13:36:53","guid":{"rendered":"http:\/\/www.groupe-t.org\/?page_id=424"},"modified":"2024-10-22T11:03:42","modified_gmt":"2024-10-22T09:03:42","slug":"les-garcons-qui-croient-sont-tres-seuls-les-autres-garcons-sont-perdus","status":"publish","type":"page","link":"http:\/\/www.groupe-t.org\/index.php\/les-garcons-qui-croient-sont-tres-seuls-les-autres-garcons-sont-perdus\/","title":{"rendered":"Les Gar\u00e7ons qui croient sont tr\u00e8s seuls, les autres Gar\u00e7ons sont perdus."},"content":{"rendered":"\n<p class=\"has-small-font-size\"><strong>Quand ils marchent ensemble le long des chemins, on ne rep\u00e8re que difficilement leurs silhouettes parmi les multiples poches d\u2019ombre de la nuit. Les enfants, seuls, guettent leur arriv\u00e9e, et disent qu\u2019ils ressemblent \u00e0 des \u00e9toiles tout juste sorties du ventre de la for\u00eat ; les autres, par m\u00e9pris ou indiff\u00e9rence, les appellent simplement les \u00ab Gar\u00e7ons \u00bb.<\/strong><\/p>\n\n\n\n<p class=\"has-small-font-size\"><strong>Si la nuit, ils la passent \u00e0 marcher en constatant le lent rapprochement des \u00e9toiles, c\u2019est qu\u2019une fois le soleil lev\u00e9, la plupart d\u2019entre eux dorment, empapillot\u00e9s dans des b\u00e2ches kaki et \u00e9parpill\u00e9s dans les bosquets voisins. Certains, on le sait, partent cueillir des champignons, mais surtout, si le c\u0153ur leur en dit, donnent-ils des spectacles : c\u2019est alors que dans le recoin d\u2019un parking, ou le march\u00e9 couvert d\u2019un centre-ville, ils endossent leurs costumes et masques pour le temps d\u2019un instant, raconter des histoires \u00ab adapt\u00e9es aux circonstances \u00bb, comme ils disent.<\/strong><\/p>\n\n\n\n<p class=\"has-small-font-size\"><strong>Vus depuis l\u2019enfance, il est certain que ces spectacles ont avant tout \u00e0 voir avec la peur d\u2019\u00eatre seul la nuit, mais les autres, eux, ne voient pas \u00e7a du m\u00eame \u0153il. La rumeur, sans doute v\u00e9rifi\u00e9e, dit que les Gar\u00e7ons sont violents et, la nuit, organiseraient des actions directes contre les vitrines du capitalisme. Souvent des insultes assassines volent, des cailloux viennent frapper leurs visages, quelques-uns prennent leurs d\u00e9fenses, il est vrai, mais d\u2019autres cherchent \u00e0 salir leurs robes. Alors souvent, les Gar\u00e7ons sont contraints de rejoindre la route.<\/strong><\/p>\n\n\n\n<p class=\"has-small-font-size\"><strong>\u00abDe toute mani\u00e8re, se disent-ils, la Joie recouvre tout. La Joie recouvre tout. \u00bb<\/strong><\/p>\n\n\n\n<p><\/p>\n\n\n\n<p class=\"has-text-align-center has-normal-font-size\"><strong>UNE CREATION DU GROUPE T<\/strong><\/p>\n\n\n\n<p class=\"has-text-align-center has-small-font-size\"><strong>con\u00e7ue par<\/strong> Th\u00e9o Cazau, Antonin Fassio et Juliane Lachaut<\/p>\n\n\n\n<p class=\"has-text-align-center has-small-font-size\"><strong>avec<\/strong> Camille Blanc, Jean-Yves Duparc, Fr\u00e9d\u00e9ric Fachena, Olivier Horeau, Ya\u00eblle Lucas, Bertrand Schiro et Aur\u00e9lien Vacher<\/p>\n\n\n\n<p class=\"has-text-align-center has-small-font-size\"><strong>mise en sc\u00e8ne :<\/strong> Juliane Lachaut<\/p>\n\n\n\n<p class=\"has-text-align-center has-small-font-size\"><strong>texte :<\/strong> Th\u00e9o Cazau<\/p>\n\n\n\n<p class=\"has-text-align-center has-small-font-size\"><strong>sc\u00e9nographie, costumes et r\u00e9gie g\u00e9n\u00e9rale :<\/strong> Antonin Fassio<\/p>\n\n\n\n<p class=\"has-text-align-center has-small-font-size\"><strong>dramaturgie et collaboration artistique :<\/strong> Camille Blanc<\/p>\n\n\n\n<p class=\"has-text-align-center has-small-font-size\"><strong>assistanat \u00e0 la mise en sc\u00e8ne :<\/strong> Marie Vandame<\/p>\n\n\n\n<p class=\"has-text-align-center has-small-font-size\"><strong>collaboration sc\u00e9nographie :<\/strong> Quentin Frichet<\/p>\n\n\n\n<p class=\"has-text-align-center has-small-font-size\"><strong>composition musicale, interpr\u00e9tation et r\u00e9gie son :<\/strong> Solal Mazeran<\/p>\n\n\n\n<p class=\"has-text-align-center has-small-font-size\"><strong>cr\u00e9ation et r\u00e9gie lumi\u00e8re :<\/strong> Louise Brinon<\/p>\n\n\n\n<p class=\"has-text-align-center has-small-font-size\"><strong>administration et production :<\/strong> H\u00e9lo\u00efse Vignals<\/p>\n\n\n\n<p><\/p>\n\n\n\n<p class=\"has-small-font-size\"><strong><strong>Coproduction et Partenaire de cr\u00e9ation :<\/strong><\/strong> le Th\u00e9\u00e2tre de la Commune \u2013 CDN d\u2019Aubervilliers, le Collectif 12 \u00e0 Mantes-la-Jolie et le Centre Dramatique National de Besan\u00e7on Franche-Comt\u00e9. Cette pi\u00e8ce a obtenu le soutien du dispositif destin\u00e9 aux auteurs dramatiques et de l\u2019Aide \u00e0 la Cr\u00e9ation de la DRAC \u00cele-de-France, ainsi que du T2G Th\u00e9\u00e2tre de Gennevilliers pour un accueil en r\u00e9sidence.<\/p>\n\n\n\n<p class=\"has-small-font-size\"><strong>Le Groupe T est artiste associ\u00e9 au Studio-Th\u00e9\u00e2tre de Vitry-sur-Seine depuis septembre 2024.<\/strong><\/p>\n\n\n\n<p><\/p>\n\n\n\n<p class=\"has-small-font-size\"><\/p>\n\n\n\n<pre class=\"wp-block-preformatted has-small-font-size\"><em><strong>Dates pass<\/strong><\/em><strong><em>\u00e9e<\/em>s<\/strong> \n+ 02 juin 2022 \u00e0 18h - Chantier de cr\u00e9ation #1 - Th\u00e9\u00e2tre de la Commune \u2013 Centre Dramatique National d\u2019Aubervilliers\n+ 03 septembre 2021 - (forme impromptue) - Festival la guinguette contre attaque ! - Centre Dramatique National de Besan\u00e7on Franche Comt\u00e9\n+ Vendredi 7 avril 2023 \u00e0 17h - Chantier de cr\u00e9ation #2 - Th\u00e9\u00e2tre de la Commune \u2013 Centre Dramatique National d\u2019Aubervilliers\n+ 04-05 avril 2024 - cr\u00e9ation - Collectif 12 - Mantes-la-Jolie\n+ 23 avril au 30 avril 2024 - Th\u00e9\u00e2tre de la Commune \u2013 Centre Dramatique National d\u2019Aubervilliers<\/pre>\n\n\n\n<div class=\"wp-block-file\"><a href=\"http:\/\/www.groupe-t.org\/wp-content\/uploads\/2024\/10\/Les-garcons-qui-croient-23_24-low.pdf\">Les garcons qui croient \/ dossier artistique<\/a><a href=\"http:\/\/www.groupe-t.org\/wp-content\/uploads\/2024\/10\/Les-garcons-qui-croient-23_24-low.pdf\" class=\"wp-block-file__button\" download>T\u00e9l\u00e9charger<\/a><\/div>\n\n\n\n<figure class=\"wp-block-image size-large\"><img loading=\"lazy\" width=\"1024\" height=\"682\" src=\"http:\/\/www.groupe-t.org\/wp-content\/uploads\/2024\/09\/11-1024x682.jpg\" alt=\"\" class=\"wp-image-747\" srcset=\"http:\/\/www.groupe-t.org\/wp-content\/uploads\/2024\/09\/11-1024x682.jpg 1024w, http:\/\/www.groupe-t.org\/wp-content\/uploads\/2024\/09\/11-300x200.jpg 300w, http:\/\/www.groupe-t.org\/wp-content\/uploads\/2024\/09\/11-768x512.jpg 768w, http:\/\/www.groupe-t.org\/wp-content\/uploads\/2024\/09\/11-1536x1024.jpg 1536w, http:\/\/www.groupe-t.org\/wp-content\/uploads\/2024\/09\/11-192x128.jpg 192w, http:\/\/www.groupe-t.org\/wp-content\/uploads\/2024\/09\/11.jpg 1772w\" sizes=\"(max-width: 1024px) 100vw, 1024px\" \/><\/figure>\n\n\n\n<figure class=\"wp-block-image size-large\"><img loading=\"lazy\" width=\"1024\" height=\"688\" src=\"http:\/\/www.groupe-t.org\/wp-content\/uploads\/2024\/09\/2-1024x688.jpg\" alt=\"\" class=\"wp-image-752\" srcset=\"http:\/\/www.groupe-t.org\/wp-content\/uploads\/2024\/09\/2-1024x688.jpg 1024w, http:\/\/www.groupe-t.org\/wp-content\/uploads\/2024\/09\/2-300x201.jpg 300w, http:\/\/www.groupe-t.org\/wp-content\/uploads\/2024\/09\/2-768x516.jpg 768w, http:\/\/www.groupe-t.org\/wp-content\/uploads\/2024\/09\/2-1536x1032.jpg 1536w, http:\/\/www.groupe-t.org\/wp-content\/uploads\/2024\/09\/2-192x129.jpg 192w, http:\/\/www.groupe-t.org\/wp-content\/uploads\/2024\/09\/2.jpg 1772w\" sizes=\"(max-width: 1024px) 100vw, 1024px\" \/><\/figure>\n\n\n\n<figure class=\"wp-block-image size-large\"><img loading=\"lazy\" width=\"1024\" height=\"682\" src=\"http:\/\/www.groupe-t.org\/wp-content\/uploads\/2024\/09\/7-1024x682.jpg\" alt=\"\" class=\"wp-image-753\" srcset=\"http:\/\/www.groupe-t.org\/wp-content\/uploads\/2024\/09\/7-1024x682.jpg 1024w, http:\/\/www.groupe-t.org\/wp-content\/uploads\/2024\/09\/7-300x200.jpg 300w, http:\/\/www.groupe-t.org\/wp-content\/uploads\/2024\/09\/7-768x512.jpg 768w, http:\/\/www.groupe-t.org\/wp-content\/uploads\/2024\/09\/7-1536x1024.jpg 1536w, http:\/\/www.groupe-t.org\/wp-content\/uploads\/2024\/09\/7-192x128.jpg 192w, http:\/\/www.groupe-t.org\/wp-content\/uploads\/2024\/09\/7.jpg 1772w\" sizes=\"(max-width: 1024px) 100vw, 1024px\" \/><\/figure>\n\n\n\n<figure class=\"wp-block-image size-large\"><img loading=\"lazy\" width=\"1024\" height=\"682\" src=\"http:\/\/www.groupe-t.org\/wp-content\/uploads\/2024\/09\/5-1024x682.jpg\" alt=\"\" class=\"wp-image-751\" srcset=\"http:\/\/www.groupe-t.org\/wp-content\/uploads\/2024\/09\/5-1024x682.jpg 1024w, http:\/\/www.groupe-t.org\/wp-content\/uploads\/2024\/09\/5-300x200.jpg 300w, http:\/\/www.groupe-t.org\/wp-content\/uploads\/2024\/09\/5-768x512.jpg 768w, http:\/\/www.groupe-t.org\/wp-content\/uploads\/2024\/09\/5-1536x1024.jpg 1536w, http:\/\/www.groupe-t.org\/wp-content\/uploads\/2024\/09\/5-192x128.jpg 192w, http:\/\/www.groupe-t.org\/wp-content\/uploads\/2024\/09\/5.jpg 1772w\" sizes=\"(max-width: 1024px) 100vw, 1024px\" \/><\/figure>\n\n\n\n<figure class=\"wp-block-image size-large\"><img loading=\"lazy\" width=\"1024\" height=\"682\" src=\"http:\/\/www.groupe-t.org\/wp-content\/uploads\/2024\/09\/DSCF8777-1024x682.jpg\" alt=\"\" class=\"wp-image-749\" srcset=\"http:\/\/www.groupe-t.org\/wp-content\/uploads\/2024\/09\/DSCF8777-1024x682.jpg 1024w, http:\/\/www.groupe-t.org\/wp-content\/uploads\/2024\/09\/DSCF8777-300x200.jpg 300w, http:\/\/www.groupe-t.org\/wp-content\/uploads\/2024\/09\/DSCF8777-768x512.jpg 768w, http:\/\/www.groupe-t.org\/wp-content\/uploads\/2024\/09\/DSCF8777-1536x1024.jpg 1536w, http:\/\/www.groupe-t.org\/wp-content\/uploads\/2024\/09\/DSCF8777-192x128.jpg 192w, http:\/\/www.groupe-t.org\/wp-content\/uploads\/2024\/09\/DSCF8777.jpg 1772w\" sizes=\"(max-width: 1024px) 100vw, 1024px\" \/><\/figure>\n","protected":false},"excerpt":{"rendered":"<p>Quand ils marchent ensemble le long des chemins, on ne rep\u00e8re que difficilement leurs silhouettes parmi les multiples poches d\u2019ombre de la nuit. Les enfants, seuls, guettent leur arriv\u00e9e, et disent qu\u2019ils ressemblent \u00e0 des \u00e9toiles tout juste sorties du ventre de la for\u00eat ; les autres, par m\u00e9pris ou indiff\u00e9rence, les appellent simplement les &hellip; <a href=\"http:\/\/www.groupe-t.org\/index.php\/les-garcons-qui-croient-sont-tres-seuls-les-autres-garcons-sont-perdus\/\" class=\"more-link\">Continuer la lecture de <span class=\"screen-reader-text\">Les Gar\u00e7ons qui croient sont tr\u00e8s seuls, les autres Gar\u00e7ons sont perdus.<\/span><\/a><\/p>\n","protected":false},"author":1,"featured_media":0,"parent":0,"menu_order":0,"comment_status":"closed","ping_status":"closed","template":"","meta":[],"_links":{"self":[{"href":"http:\/\/www.groupe-t.org\/index.php\/wp-json\/wp\/v2\/pages\/424"}],"collection":[{"href":"http:\/\/www.groupe-t.org\/index.php\/wp-json\/wp\/v2\/pages"}],"about":[{"href":"http:\/\/www.groupe-t.org\/index.php\/wp-json\/wp\/v2\/types\/page"}],"author":[{"embeddable":true,"href":"http:\/\/www.groupe-t.org\/index.php\/wp-json\/wp\/v2\/users\/1"}],"replies":[{"embeddable":true,"href":"http:\/\/www.groupe-t.org\/index.php\/wp-json\/wp\/v2\/comments?post=424"}],"version-history":[{"count":63,"href":"http:\/\/www.groupe-t.org\/index.php\/wp-json\/wp\/v2\/pages\/424\/revisions"}],"predecessor-version":[{"id":830,"href":"http:\/\/www.groupe-t.org\/index.php\/wp-json\/wp\/v2\/pages\/424\/revisions\/830"}],"wp:attachment":[{"href":"http:\/\/www.groupe-t.org\/index.php\/wp-json\/wp\/v2\/media?parent=424"}],"curies":[{"name":"wp","href":"https:\/\/api.w.org\/{rel}","templated":true}]}}