{"id":857,"date":"2026-01-09T10:38:28","date_gmt":"2026-01-09T09:38:28","guid":{"rendered":"http:\/\/www.groupe-t.org\/?page_id=857"},"modified":"2026-01-09T10:40:59","modified_gmt":"2026-01-09T09:40:59","slug":"la-femme-allongee","status":"publish","type":"page","link":"http:\/\/www.groupe-t.org\/index.php\/la-femme-allongee\/","title":{"rendered":"La Femme Allong\u00e9e (en cours de cr\u00e9ation)"},"content":{"rendered":"\n<p>Une femme d\u00e9cide de rester dans son lit. Elle refuse un monde qui ne lui permet pas de vivre \u00e0 la mesure de ses d\u00e9sirs. Plut\u00f4t que de continuer \u00e0 vivre comme un poulet sans t\u00eate, elle regarde par la fen\u00eatre, et se tait.<br>De loin, on croirait une gisante. De pr\u00e8s, si l&rsquo;on scrute son visage, surgissent images, visions, figures. Et si l\u2019on ouvrait son cr\u00e2ne ? Peut-\u00eatre y verrait-on le vrai th\u00e9\u00e2tre, un monde aussi dense et foisonnant que sa vie para\u00eet immobile et silencieuse.<\/p>\n\n\n\n<p><em>La femme allong\u00e9e <\/em>utilise l\u2019\u00e9criture po\u00e9tique \u00e0 la mani\u00e8re d\u2019un scalpel, pour fouiller dans la d\u00e9pression \u00e0 la recherche d\u2019images arch\u00e9typales, all\u00e9goriques. L\u2019hypoth\u00e8se est la suivante : et si la d\u00e9pression \u00e9tait un sympt\u00f4me du d\u00e9salignement de l\u2019individu face \u00e0 l\u2019ordre \u00e9tabli, aux structures capitalistes et patriarcales ? Et si le th\u00e9\u00e2tre \u00e9tait le lieu depuis lequel regarder autrement la m\u00e9lancolie profonde, et si, au lieu d\u2019un emp\u00eachement, elle recelait des puissances obscures capables de provoquer un \u00e9veil de la perception ?<\/p>\n\n\n\n<p><\/p>\n\n\n\n<p class=\"has-text-align-center has-small-font-size\"><strong>UNE CREATION (en cours) DU GROUPE T<\/strong><\/p>\n\n\n\n<p class=\"has-text-align-center has-small-font-size\">con\u00e7ue par <strong>Th\u00e9o Cazau, Antonin Fassio et Juliane Lachaut<\/strong><\/p>\n\n\n\n<p class=\"has-text-align-center has-small-font-size\">avec <strong>Camille Blanc, Lou Chr\u00e9tien-F\u00e9vrier, Ya\u00eblle Lucas, H\u00e9l\u00e8ne Rencurel<\/strong><\/p>\n\n\n\n<p class=\"has-text-align-center has-small-font-size\">mise en sc\u00e8ne et texte: <strong>Juliane Lachaut<\/strong><\/p>\n\n\n\n<p class=\"has-text-align-center has-small-font-size\">dramaturgie : <strong>Th\u00e9o Cazau<\/strong><\/p>\n\n\n\n<p class=\"has-text-align-center has-small-font-size\">cr\u00e9ation lumi\u00e8re : <strong>Louise Brinon<\/strong><\/p>\n\n\n\n<p class=\"has-text-align-center has-small-font-size\">sc\u00e9nographie, costumes et r\u00e9gie g\u00e9n\u00e9rale : <strong>Antonin Fassio<\/strong><\/p>\n\n\n\n<p class=\"has-text-align-center has-small-font-size\">composition musicale, interpr\u00e9tation et r\u00e9gie son : <strong>Solal Mazeran<\/strong><\/p>\n\n\n\n<p class=\"has-text-align-center has-small-font-size\">administration et production : <strong>H\u00e9lo\u00efse Vignals<\/strong><\/p>\n\n\n\n<p class=\"has-small-font-size\"><strong>Ce spectacle sera cr\u00e9\u00e9<\/strong>&nbsp;sous la forme d&rsquo;un triptyque <strong>au printemps 2027 au Studio-Th\u00e9\u00e2tre de Vitry.<\/strong><br>La premi\u00e8re partie de ce triptyque a \u00e9t\u00e9 cr\u00e9\u00e9e en mars 2025 au Th\u00e9\u00e2tre de l\u2019\u00c9changeur \u00e0 Bagnolet, dans le cadre des soir\u00e9es Wari-Wari. <\/p>\n\n\n\n<p class=\"has-small-font-size\">Coproduction : <strong>Studio-Th\u00e9\u00e2tre de Vitry<br><\/strong>Avec le soutien du&nbsp;<strong>Th\u00e9\u00e2tre de l&rsquo;\u00c9changeur, Bagnolet<br><\/strong>Tous les projets du Groupe T&nbsp;ont \u00e9t\u00e9 \u00e0 ce jour soutenus par le&nbsp;<strong>Minist\u00e8re de la Culture &#8211; DRAC \u00cele-de-France<\/strong>&nbsp;dans le cadre de l&rsquo;aide au projet&nbsp;<\/p>\n\n\n\n<p class=\"has-small-font-size\">Le Groupe T est associ\u00e9 au&nbsp;<strong>Studio-Th\u00e9\u00e2tre de Vitry<\/strong>&nbsp;et au&nbsp;<strong>Th\u00e9\u00e2tre de l&rsquo;\u00c9changeur<\/strong>&nbsp;depuis 2024<\/p>\n\n\n\n<pre class=\"wp-block-preformatted has-small-font-size\"><strong>Pr\u00e9sentation de maquette<\/strong>\n\nau Studio de r\u00e9p\u00e9tition du Th\u00e9\u00e2tre de l'\u00c9changeur \u00e0 Bagnolet\nen partenariat avec le Studio-Th\u00e9\u00e2tre de Vitry\n\n<strong>Mercredi 20 janvier \u00e0 17h et \u00e0 19h30<\/strong>\n\nConfirmation par mail \u00e0 juliane.lachaut@gmail.com\nAdresse : 59 avenue du G\u00e9n\u00e9ral de Gaulle 93170 Bagnolet (m\u00e9tro Gallieni)\n\nDur\u00e9e 30 min\n\n<\/pre>\n\n\n\n<div class=\"wp-block-file\"><a href=\"http:\/\/www.groupe-t.org\/wp-content\/uploads\/2026\/01\/dossier_artistique_la-femme-allonge\u0301e.pdf\" target=\"_blank\" rel=\"noreferrer noopener\">dossier_artistique_la-femme-allonge\u0301e<\/a><a href=\"http:\/\/www.groupe-t.org\/wp-content\/uploads\/2026\/01\/dossier_artistique_la-femme-allonge\u0301e.pdf\" class=\"wp-block-file__button\" download>T\u00e9l\u00e9charger<\/a><\/div>\n\n\n\n<figure class=\"wp-block-image size-large is-resized\"><img loading=\"lazy\" src=\"http:\/\/www.groupe-t.org\/wp-content\/uploads\/2026\/01\/Capture-de\u0301cran-2025-05-24-a\u0300-20.14.12-774x1024.png\" alt=\"\" class=\"wp-image-860\" width=\"526\" height=\"695\" srcset=\"http:\/\/www.groupe-t.org\/wp-content\/uploads\/2026\/01\/Capture-de\u0301cran-2025-05-24-a\u0300-20.14.12-774x1024.png 774w, http:\/\/www.groupe-t.org\/wp-content\/uploads\/2026\/01\/Capture-de\u0301cran-2025-05-24-a\u0300-20.14.12-227x300.png 227w, http:\/\/www.groupe-t.org\/wp-content\/uploads\/2026\/01\/Capture-de\u0301cran-2025-05-24-a\u0300-20.14.12-768x1016.png 768w, http:\/\/www.groupe-t.org\/wp-content\/uploads\/2026\/01\/Capture-de\u0301cran-2025-05-24-a\u0300-20.14.12-1161x1536.png 1161w, http:\/\/www.groupe-t.org\/wp-content\/uploads\/2026\/01\/Capture-de\u0301cran-2025-05-24-a\u0300-20.14.12-145x192.png 145w, http:\/\/www.groupe-t.org\/wp-content\/uploads\/2026\/01\/Capture-de\u0301cran-2025-05-24-a\u0300-20.14.12.png 1206w\" sizes=\"(max-width: 526px) 100vw, 526px\" \/><\/figure>\n\n\n\n<p><\/p>\n","protected":false},"excerpt":{"rendered":"<p>Une femme d\u00e9cide de rester dans son lit. Elle refuse un monde qui ne lui permet pas de vivre \u00e0 la mesure de ses d\u00e9sirs. Plut\u00f4t que de continuer \u00e0 vivre comme un poulet sans t\u00eate, elle regarde par la fen\u00eatre, et se tait.De loin, on croirait une gisante. De pr\u00e8s, si l&rsquo;on scrute son &hellip; <a href=\"http:\/\/www.groupe-t.org\/index.php\/la-femme-allongee\/\" class=\"more-link\">Continuer la lecture de <span class=\"screen-reader-text\">La Femme Allong\u00e9e (en cours de cr\u00e9ation)<\/span><\/a><\/p>\n","protected":false},"author":1,"featured_media":0,"parent":0,"menu_order":0,"comment_status":"closed","ping_status":"closed","template":"","meta":[],"_links":{"self":[{"href":"http:\/\/www.groupe-t.org\/index.php\/wp-json\/wp\/v2\/pages\/857"}],"collection":[{"href":"http:\/\/www.groupe-t.org\/index.php\/wp-json\/wp\/v2\/pages"}],"about":[{"href":"http:\/\/www.groupe-t.org\/index.php\/wp-json\/wp\/v2\/types\/page"}],"author":[{"embeddable":true,"href":"http:\/\/www.groupe-t.org\/index.php\/wp-json\/wp\/v2\/users\/1"}],"replies":[{"embeddable":true,"href":"http:\/\/www.groupe-t.org\/index.php\/wp-json\/wp\/v2\/comments?post=857"}],"version-history":[{"count":4,"href":"http:\/\/www.groupe-t.org\/index.php\/wp-json\/wp\/v2\/pages\/857\/revisions"}],"predecessor-version":[{"id":865,"href":"http:\/\/www.groupe-t.org\/index.php\/wp-json\/wp\/v2\/pages\/857\/revisions\/865"}],"wp:attachment":[{"href":"http:\/\/www.groupe-t.org\/index.php\/wp-json\/wp\/v2\/media?parent=857"}],"curies":[{"name":"wp","href":"https:\/\/api.w.org\/{rel}","templated":true}]}}